{"version":"1.0","provider_name":"Cano\u00eb Val d&#039;Allier, location de cano\u00eb-kayak et rafting sur l&#039;Allier","provider_url":"https:\/\/canoe-valdallier.com","title":"Location de cano\u00eb-kayak et rafting sur l'Allier - Cano\u00eb Val d&#039;Allier, location de cano\u00eb-kayak et rafting sur l&#039;Allier","type":"rich","width":600,"height":338,"html":"<blockquote class=\"wp-embedded-content\" data-secret=\"oyF6ucijUt\"><a href=\"https:\/\/canoe-valdallier.com\/\">Location de cano\u00eb-kayak et rafting sur l&rsquo;Allier<\/a><\/blockquote><iframe sandbox=\"allow-scripts\" security=\"restricted\" src=\"https:\/\/canoe-valdallier.com\/embed\/#?secret=oyF6ucijUt\" width=\"600\" height=\"338\" title=\"\u00ab\u00a0Location de cano\u00eb-kayak et rafting sur l&rsquo;Allier\u00a0\u00bb &#8212; Cano\u00eb Val d&#039;Allier, location de cano\u00eb-kayak et rafting sur l&#039;Allier\" data-secret=\"oyF6ucijUt\" frameborder=\"0\" marginwidth=\"0\" marginheight=\"0\" scrolling=\"no\" class=\"wp-embedded-content\"><\/iframe><script type=\"text\/javascript\">\n\/* <![CDATA[ *\/\n\/*! This file is auto-generated *\/\n!function(d,l){\"use strict\";l.querySelector&&d.addEventListener&&\"undefined\"!=typeof URL&&(d.wp=d.wp||{},d.wp.receiveEmbedMessage||(d.wp.receiveEmbedMessage=function(e){var t=e.data;if((t||t.secret||t.message||t.value)&&!\/[^a-zA-Z0-9]\/.test(t.secret)){for(var s,r,n,a=l.querySelectorAll('iframe[data-secret=\"'+t.secret+'\"]'),o=l.querySelectorAll('blockquote[data-secret=\"'+t.secret+'\"]'),c=new RegExp(\"^https?:$\",\"i\"),i=0;i<o.length;i++)o[i].style.display=\"none\";for(i=0;i<a.length;i++)s=a[i],e.source===s.contentWindow&&(s.removeAttribute(\"style\"),\"height\"===t.message?(1e3<(r=parseInt(t.value,10))?r=1e3:~~r<200&&(r=200),s.height=r):\"link\"===t.message&&(r=new URL(s.getAttribute(\"src\")),n=new URL(t.value),c.test(n.protocol))&&n.host===r.host&&l.activeElement===s&&(d.top.location.href=t.value))}},d.addEventListener(\"message\",d.wp.receiveEmbedMessage,!1),l.addEventListener(\"DOMContentLoaded\",function(){for(var e,t,s=l.querySelectorAll(\"iframe.wp-embedded-content\"),r=0;r<s.length;r++)(t=(e=s[r]).getAttribute(\"data-secret\"))||(t=Math.random().toString(36).substring(2,12),e.src+=\"#?secret=\"+t,e.setAttribute(\"data-secret\",t)),e.contentWindow.postMessage({message:\"ready\",secret:t},\"*\")},!1)))}(window,document);\n\/\/# sourceURL=https:\/\/canoe-valdallier.com\/wp-includes\/js\/wp-embed.min.js\n\/* ]]> *\/\n<\/script>\n","description":"Cano\u00eb Val d&rsquo;Allier vous accueille dans ses bases de location de cano\u00ebs, kayaks et rafts \u00e0 Lavo\u00fbte-Chilhac et Chilhac (Haute-Loire, Auvergne) Ouvert tous les jours de 9h \u00e0 19h du 1er Avril au 15 Octobre Red\u00e9couvrez le go\u00fbt de l\u2019aventure dans un cadre naturel pr\u00e9serv\u00e9 en Haute-Loire : la vall\u00e9e du Haut-Allier Des orgues basaltiques de Prades aux vestiges d\u2019une des premi\u00e8res abbayes clunisiennes, Le Prieur\u00e9 et sa tour d\u2019enceinte, au c\u0153ur de la presqu\u2019\u00eele de Lavo\u00fbte-Chilhac, vous attendent pour un moment d\u2019\u00e9merveillement. Une \u00e9quipe de moniteurs passionn\u00e9s \u00e0 votre \u00e9coute.. Nos moniteurs vous conseillent et vous initient aux gestes du kayak ou du raft. Ils vous fourniront du mat\u00e9riel&hellip; D\u00e9couvrir","thumbnail_url":"https:\/\/canoe-valdallier.com\/wp-content\/uploads\/2022\/11\/plus-beaux-villages.jpg"}